{"id":4091,"date":"2023-11-14T16:26:00","date_gmt":"2023-11-14T15:26:00","guid":{"rendered":"http:\/\/aucoeurdemanature.com\/?post_type=tribe_events&#038;p=4091"},"modified":"2023-11-14T16:26:00","modified_gmt":"2023-11-14T15:26:00","slug":"atelier-collectif-pleurs-et-sommeil-de-bebe","status":"publish","type":"tribe_events","link":"https:\/\/aucoeurdemanature.com\/?tribe_events=atelier-collectif-pleurs-et-sommeil-de-bebe","title":{"rendered":"Atelier collectif pleurs et sommeil de b\u00e9b\u00e9"},"content":{"rendered":"<div class=\"xdj266r x11i5rnm xat24cr x1mh8g0r x1vvkbs\">Un atelier \u00e0 r\u00e9aliser d\u00e8s la grossesse pour mieux comprendre les besoins de son b\u00e9b\u00e9 et \u00e9changer sur vos questionnement.<\/div>\n<div class=\"x11i5rnm xat24cr x1mh8g0r x1vvkbs xtlvy1s\">D\u00e9construire les mythes autour du sommeil de b\u00e9b\u00e9<br \/>\nApports th\u00e9oriques : Le sommeil du parent et le sommeil du b\u00e9b\u00e9 (les sp\u00e9cificit\u00e9s des m\u00e8res allaitantes et non allaitantes), cons\u00e9quences du manque de sommeil, \u00e9volution du sommeil en fonction de l\u2019\u00e2ge de l\u2019enfant, les pleurs de b\u00e9b\u00e9\u2026<br \/>\nTarif : 25 \u20ac par famille (atelier conseill\u00e9 d\u00e8s la grossesse)<br \/>\nInscription\u00a0<a class=\"x1i10hfl xjbqb8w x6umtig x1b1mbwd xaqea5y xav7gou x9f619 x1ypdohk xt0psk2 xe8uvvx xdj266r x11i5rnm xat24cr x1mh8g0r xexx8yu x4uap5 x18d9i69 xkhd6sd x16tdsg8 x1hl2dhg xggy1nq x1a2a7pz xt0b8zv x1fey0fg\" tabindex=\"0\" role=\"link\" href=\"https:\/\/calendly.com\/sandrinetonnellier\/atelier-collectif-pleurs-et-sommeil?fbclid=IwAR28uuGk3gSGgw1QX5MidZ5Q5mcFez61dxJqz9EDj3PIAvcTJUSWjTTPCxI\" target=\"_blank\" rel=\"nofollow noopener noreferrer\">https:\/\/calendly.com\/&#8230;\/atelier-collectif-pleurs-et-sommeil<\/a><\/div>\n","protected":false},"excerpt":{"rendered":"<p>Un atelier \u00e0 r\u00e9aliser d\u00e8s la grossesse pour mieux comprendre les besoins de son b\u00e9b\u00e9 et \u00e9changer sur vos questionnement. D\u00e9construire les mythes autour du sommeil de b\u00e9b\u00e9 Apports th\u00e9oriques : Le sommeil du parent et le sommeil du b\u00e9b\u00e9 (les sp\u00e9cificit\u00e9s des m\u00e8res allaitantes et non allaitantes), cons\u00e9quences du manque de sommeil, \u00e9volution du sommeil en fonction de l\u2019\u00e2ge de l\u2019enfant, les pleurs de b\u00e9b\u00e9\u2026 Tarif : 25 \u20ac par famille (atelier conseill\u00e9 d\u00e8s la grossesse) Inscription\u00a0https:\/\/calendly.com\/&#8230;\/atelier-collectif-pleurs-et-sommeil<\/p>\n","protected":false},"author":1,"featured_media":0,"template":"","meta":{"_tribe_events_status":"","_tribe_events_status_reason":"","footnotes":""},"tags":[],"tribe_events_cat":[],"class_list":["post-4091","tribe_events","type-tribe_events","status-publish","hentry"],"yoast_head":"<!-- This site is optimized with the Yoast SEO plugin v27.2 - https:\/\/yoast.com\/product\/yoast-seo-wordpress\/ -->\n<title>Atelier collectif pleurs et sommeil de b\u00e9b\u00e9 - Au coeur de ma nature<\/title>\n<meta name=\"robots\" content=\"index, follow, max-snippet:-1, max-image-preview:large, max-video-preview:-1\" \/>\n<link rel=\"canonical\" href=\"http:\/\/aucoeurdemanature.com\/?tribe_events=atelier-collectif-pleurs-et-sommeil-de-bebe\" \/>\n<meta property=\"og:locale\" content=\"fr_FR\" \/>\n<meta property=\"og:type\" content=\"article\" \/>\n<meta property=\"og:title\" content=\"Atelier collectif pleurs et sommeil de b\u00e9b\u00e9 - Au coeur de ma nature\" \/>\n<meta property=\"og:description\" content=\"Un atelier \u00e0 r\u00e9aliser d\u00e8s la grossesse pour mieux comprendre les besoins de son b\u00e9b\u00e9 et \u00e9changer sur vos questionnement. D\u00e9construire les mythes autour du sommeil de b\u00e9b\u00e9 Apports th\u00e9oriques : Le sommeil du parent et le sommeil du b\u00e9b\u00e9 (les sp\u00e9cificit\u00e9s des m\u00e8res allaitantes et non allaitantes), cons\u00e9quences du manque de sommeil, \u00e9volution du sommeil en fonction de l\u2019\u00e2ge de l\u2019enfant, les pleurs de b\u00e9b\u00e9\u2026 Tarif : 25 \u20ac par famille (atelier conseill\u00e9 d\u00e8s la grossesse) Inscription\u00a0https:\/\/calendly.com\/&#8230;\/atelier-collectif-pleurs-et-sommeil\" \/>\n<meta property=\"og:url\" content=\"http:\/\/aucoeurdemanature.com\/?tribe_events=atelier-collectif-pleurs-et-sommeil-de-bebe\" \/>\n<meta property=\"og:site_name\" content=\"Au coeur de ma nature\" \/>\n<meta property=\"article:publisher\" content=\"https:\/\/www.facebook.com\/Aucoeurdemanature\" \/>\n<meta name=\"twitter:card\" content=\"summary_large_image\" \/>\n<meta name=\"twitter:label1\" content=\"Dur\u00e9e de lecture estim\u00e9e\" \/>\n\t<meta name=\"twitter:data1\" content=\"1 minute\" \/>\n<script type=\"application\/ld+json\" class=\"yoast-schema-graph\">{\"@context\":\"https:\/\/schema.org\",\"@graph\":[{\"@type\":\"WebPage\",\"@id\":\"http:\/\/aucoeurdemanature.com\/?tribe_events=atelier-collectif-pleurs-et-sommeil-de-bebe\",\"url\":\"http:\/\/aucoeurdemanature.com\/?tribe_events=atelier-collectif-pleurs-et-sommeil-de-bebe\",\"name\":\"Atelier collectif pleurs et sommeil de b\u00e9b\u00e9 - Au coeur de ma nature\",\"isPartOf\":{\"@id\":\"http:\/\/aucoeurdemanature.com\/#website\"},\"datePublished\":\"2023-11-14T15:26:00+00:00\",\"breadcrumb\":{\"@id\":\"http:\/\/aucoeurdemanature.com\/?tribe_events=atelier-collectif-pleurs-et-sommeil-de-bebe#breadcrumb\"},\"inLanguage\":\"fr-FR\",\"potentialAction\":[{\"@type\":\"ReadAction\",\"target\":[\"http:\/\/aucoeurdemanature.com\/?tribe_events=atelier-collectif-pleurs-et-sommeil-de-bebe\"]}]},{\"@type\":\"BreadcrumbList\",\"@id\":\"http:\/\/aucoeurdemanature.com\/?tribe_events=atelier-collectif-pleurs-et-sommeil-de-bebe#breadcrumb\",\"itemListElement\":[{\"@type\":\"ListItem\",\"position\":1,\"name\":\"Accueil\",\"item\":\"http:\/\/aucoeurdemanature.com\/\"},{\"@type\":\"ListItem\",\"position\":2,\"name\":\"\u00c9v\u00e8nements\",\"item\":\"http:\/\/aucoeurdemanature.com\/?post_type=tribe_events\"},{\"@type\":\"ListItem\",\"position\":3,\"name\":\"Atelier collectif pleurs et sommeil de b\u00e9b\u00e9\"}]},{\"@type\":\"WebSite\",\"@id\":\"http:\/\/aucoeurdemanature.com\/#website\",\"url\":\"http:\/\/aucoeurdemanature.com\/\",\"name\":\"Au coeur de ma nature\",\"description\":\"Au coeur de ma nature - Psychologue en p\u00e9rinatalit\u00e9, atelier parentalit\u00e9, et soins  - Yonne 89\",\"publisher\":{\"@id\":\"http:\/\/aucoeurdemanature.com\/#organization\"},\"potentialAction\":[{\"@type\":\"SearchAction\",\"target\":{\"@type\":\"EntryPoint\",\"urlTemplate\":\"http:\/\/aucoeurdemanature.com\/?s={search_term_string}\"},\"query-input\":{\"@type\":\"PropertyValueSpecification\",\"valueRequired\":true,\"valueName\":\"search_term_string\"}}],\"inLanguage\":\"fr-FR\"},{\"@type\":\"Organization\",\"@id\":\"http:\/\/aucoeurdemanature.com\/#organization\",\"name\":\"Au coeur de ma nature\",\"url\":\"http:\/\/aucoeurdemanature.com\/\",\"logo\":{\"@type\":\"ImageObject\",\"inLanguage\":\"fr-FR\",\"@id\":\"http:\/\/aucoeurdemanature.com\/#\/schema\/logo\/image\/\",\"url\":\"http:\/\/aucoeurdemanature.com\/wp-content\/uploads\/2019\/09\/Image-1-770x1024.jpg\",\"contentUrl\":\"http:\/\/aucoeurdemanature.com\/wp-content\/uploads\/2019\/09\/Image-1-770x1024.jpg\",\"width\":770,\"height\":1024,\"caption\":\"Au coeur de ma nature\"},\"image\":{\"@id\":\"http:\/\/aucoeurdemanature.com\/#\/schema\/logo\/image\/\"},\"sameAs\":[\"https:\/\/www.facebook.com\/Aucoeurdemanature\",\"https:\/\/www.instagram.com\/aucoeurdemanature\/?hl=fr\"]}]}<\/script>\n<!-- \/ Yoast SEO plugin. -->","yoast_head_json":{"title":"Atelier collectif pleurs et sommeil de b\u00e9b\u00e9 - Au coeur de ma nature","robots":{"index":"index","follow":"follow","max-snippet":"max-snippet:-1","max-image-preview":"max-image-preview:large","max-video-preview":"max-video-preview:-1"},"canonical":"http:\/\/aucoeurdemanature.com\/?tribe_events=atelier-collectif-pleurs-et-sommeil-de-bebe","og_locale":"fr_FR","og_type":"article","og_title":"Atelier collectif pleurs et sommeil de b\u00e9b\u00e9 - Au coeur de ma nature","og_description":"Un atelier \u00e0 r\u00e9aliser d\u00e8s la grossesse pour mieux comprendre les besoins de son b\u00e9b\u00e9 et \u00e9changer sur vos questionnement. D\u00e9construire les mythes autour du sommeil de b\u00e9b\u00e9 Apports th\u00e9oriques : Le sommeil du parent et le sommeil du b\u00e9b\u00e9 (les sp\u00e9cificit\u00e9s des m\u00e8res allaitantes et non allaitantes), cons\u00e9quences du manque de sommeil, \u00e9volution du sommeil en fonction de l\u2019\u00e2ge de l\u2019enfant, les pleurs de b\u00e9b\u00e9\u2026 Tarif : 25 \u20ac par famille (atelier conseill\u00e9 d\u00e8s la grossesse) Inscription\u00a0https:\/\/calendly.com\/&#8230;\/atelier-collectif-pleurs-et-sommeil","og_url":"http:\/\/aucoeurdemanature.com\/?tribe_events=atelier-collectif-pleurs-et-sommeil-de-bebe","og_site_name":"Au coeur de ma nature","article_publisher":"https:\/\/www.facebook.com\/Aucoeurdemanature","twitter_card":"summary_large_image","twitter_misc":{"Dur\u00e9e de lecture estim\u00e9e":"1 minute"},"schema":{"@context":"https:\/\/schema.org","@graph":[{"@type":"WebPage","@id":"http:\/\/aucoeurdemanature.com\/?tribe_events=atelier-collectif-pleurs-et-sommeil-de-bebe","url":"http:\/\/aucoeurdemanature.com\/?tribe_events=atelier-collectif-pleurs-et-sommeil-de-bebe","name":"Atelier collectif pleurs et sommeil de b\u00e9b\u00e9 - Au coeur de ma nature","isPartOf":{"@id":"http:\/\/aucoeurdemanature.com\/#website"},"datePublished":"2023-11-14T15:26:00+00:00","breadcrumb":{"@id":"http:\/\/aucoeurdemanature.com\/?tribe_events=atelier-collectif-pleurs-et-sommeil-de-bebe#breadcrumb"},"inLanguage":"fr-FR","potentialAction":[{"@type":"ReadAction","target":["http:\/\/aucoeurdemanature.com\/?tribe_events=atelier-collectif-pleurs-et-sommeil-de-bebe"]}]},{"@type":"BreadcrumbList","@id":"http:\/\/aucoeurdemanature.com\/?tribe_events=atelier-collectif-pleurs-et-sommeil-de-bebe#breadcrumb","itemListElement":[{"@type":"ListItem","position":1,"name":"Accueil","item":"http:\/\/aucoeurdemanature.com\/"},{"@type":"ListItem","position":2,"name":"\u00c9v\u00e8nements","item":"http:\/\/aucoeurdemanature.com\/?post_type=tribe_events"},{"@type":"ListItem","position":3,"name":"Atelier collectif pleurs et sommeil de b\u00e9b\u00e9"}]},{"@type":"WebSite","@id":"http:\/\/aucoeurdemanature.com\/#website","url":"http:\/\/aucoeurdemanature.com\/","name":"Au coeur de ma nature","description":"Au coeur de ma nature - Psychologue en p\u00e9rinatalit\u00e9, atelier parentalit\u00e9, et soins  - Yonne 89","publisher":{"@id":"http:\/\/aucoeurdemanature.com\/#organization"},"potentialAction":[{"@type":"SearchAction","target":{"@type":"EntryPoint","urlTemplate":"http:\/\/aucoeurdemanature.com\/?s={search_term_string}"},"query-input":{"@type":"PropertyValueSpecification","valueRequired":true,"valueName":"search_term_string"}}],"inLanguage":"fr-FR"},{"@type":"Organization","@id":"http:\/\/aucoeurdemanature.com\/#organization","name":"Au coeur de ma nature","url":"http:\/\/aucoeurdemanature.com\/","logo":{"@type":"ImageObject","inLanguage":"fr-FR","@id":"http:\/\/aucoeurdemanature.com\/#\/schema\/logo\/image\/","url":"http:\/\/aucoeurdemanature.com\/wp-content\/uploads\/2019\/09\/Image-1-770x1024.jpg","contentUrl":"http:\/\/aucoeurdemanature.com\/wp-content\/uploads\/2019\/09\/Image-1-770x1024.jpg","width":770,"height":1024,"caption":"Au coeur de ma nature"},"image":{"@id":"http:\/\/aucoeurdemanature.com\/#\/schema\/logo\/image\/"},"sameAs":["https:\/\/www.facebook.com\/Aucoeurdemanature","https:\/\/www.instagram.com\/aucoeurdemanature\/?hl=fr"]}]}},"_links":{"self":[{"href":"https:\/\/aucoeurdemanature.com\/index.php?rest_route=\/wp\/v2\/tribe_events\/4091","targetHints":{"allow":["GET"]}}],"collection":[{"href":"https:\/\/aucoeurdemanature.com\/index.php?rest_route=\/wp\/v2\/tribe_events"}],"about":[{"href":"https:\/\/aucoeurdemanature.com\/index.php?rest_route=\/wp\/v2\/types\/tribe_events"}],"author":[{"embeddable":true,"href":"https:\/\/aucoeurdemanature.com\/index.php?rest_route=\/wp\/v2\/users\/1"}],"version-history":[{"count":1,"href":"https:\/\/aucoeurdemanature.com\/index.php?rest_route=\/wp\/v2\/tribe_events\/4091\/revisions"}],"predecessor-version":[{"id":4092,"href":"https:\/\/aucoeurdemanature.com\/index.php?rest_route=\/wp\/v2\/tribe_events\/4091\/revisions\/4092"}],"wp:attachment":[{"href":"https:\/\/aucoeurdemanature.com\/index.php?rest_route=%2Fwp%2Fv2%2Fmedia&parent=4091"}],"wp:term":[{"taxonomy":"post_tag","embeddable":true,"href":"https:\/\/aucoeurdemanature.com\/index.php?rest_route=%2Fwp%2Fv2%2Ftags&post=4091"},{"taxonomy":"tribe_events_cat","embeddable":true,"href":"https:\/\/aucoeurdemanature.com\/index.php?rest_route=%2Fwp%2Fv2%2Ftribe_events_cat&post=4091"}],"curies":[{"name":"wp","href":"https:\/\/api.w.org\/{rel}","templated":true}]}}